{"id":1481,"date":"2023-10-03T15:15:14","date_gmt":"2023-10-03T13:15:14","guid":{"rendered":"https:\/\/protaneo.ch\/datenschutzcharta\/"},"modified":"2024-12-30T10:10:59","modified_gmt":"2024-12-30T09:10:59","slug":"datenschutzcharta","status":"publish","type":"page","link":"https:\/\/protaneo.ch\/de\/datenschutzcharta\/","title":{"rendered":"Datenschutzcharta"},"content":{"rendered":"\t\t<div data-elementor-type=\"wp-page\" data-elementor-id=\"1481\" class=\"elementor elementor-1481 elementor-1317\" data-elementor-post-type=\"page\">\n\t\t\t\t<div class=\"elementor-element elementor-element-948f857 e-con-full e-flex e-con e-parent\" data-id=\"948f857\" data-element_type=\"container\" data-e-type=\"container\" data-settings=\"{&quot;background_background&quot;:&quot;classic&quot;}\">\n\t\t<div class=\"elementor-element elementor-element-aba8bb0 e-flex e-con-boxed e-con e-child\" data-id=\"aba8bb0\" data-element_type=\"container\" data-e-type=\"container\" data-settings=\"{&quot;background_background&quot;:&quot;classic&quot;,&quot;background_motion_fx_motion_fx_scrolling&quot;:&quot;yes&quot;,&quot;background_motion_fx_devices&quot;:[&quot;desktop&quot;,&quot;tablet&quot;,&quot;mobile&quot;]}\">\n\t\t\t\t\t<div class=\"e-con-inner\">\n\t\t\t\t<div class=\"elementor-element elementor-element-c4dfae0 elementor-invisible elementor-widget elementor-widget-heading\" data-id=\"c4dfae0\" data-element_type=\"widget\" data-e-type=\"widget\" data-settings=\"{&quot;_animation&quot;:&quot;fadeIn&quot;}\" data-widget_type=\"heading.default\">\n\t\t\t\t<div class=\"elementor-widget-container\">\n\t\t\t\t\t<h6 class=\"elementor-heading-title elementor-size-default\">Protaneo<\/h6>\t\t\t\t<\/div>\n\t\t\t\t<\/div>\n\t\t\t\t<div class=\"elementor-element elementor-element-bd5a49a elementor-invisible elementor-widget elementor-widget-heading\" data-id=\"bd5a49a\" data-element_type=\"widget\" data-e-type=\"widget\" data-settings=\"{&quot;_animation&quot;:&quot;fadeIn&quot;,&quot;_animation_delay&quot;:200}\" data-widget_type=\"heading.default\">\n\t\t\t\t<div class=\"elementor-widget-container\">\n\t\t\t\t\t<h1 class=\"elementor-heading-title elementor-size-default\">Datenschutzcharta<\/h1>\t\t\t\t<\/div>\n\t\t\t\t<\/div>\n\t\t\t\t\t<\/div>\n\t\t\t\t<\/div>\n\t\t\t\t<div class=\"elementor-element elementor-element-253590b elementor-widget elementor-widget-spacer\" data-id=\"253590b\" data-element_type=\"widget\" data-e-type=\"widget\" data-widget_type=\"spacer.default\">\n\t\t\t\t<div class=\"elementor-widget-container\">\n\t\t\t\t\t\t\t<div class=\"elementor-spacer\">\n\t\t\t<div class=\"elementor-spacer-inner\"><\/div>\n\t\t<\/div>\n\t\t\t\t\t\t<\/div>\n\t\t\t\t<\/div>\n\t\t<div class=\"elementor-element elementor-element-aaca6e7 e-flex e-con-boxed e-con e-child\" data-id=\"aaca6e7\" data-element_type=\"container\" data-e-type=\"container\">\n\t\t\t\t\t<div class=\"e-con-inner\">\n\t\t\t\t<div class=\"elementor-element elementor-element-43b35c2 elementor-widget__width-initial elementor-widget elementor-widget-text-editor\" data-id=\"43b35c2\" data-element_type=\"widget\" data-e-type=\"widget\" data-widget_type=\"text-editor.default\">\n\t\t\t\t<div class=\"elementor-widget-container\">\n\t\t\t\t\t\t\t\t\t<p>Protaneo SA erheben und verwenden bestimmte Informationen \u00fcber nat\u00fcrliche Personen, wie z. B. Lieferanten oder Mitarbeiter.<\/p>\n<p>Diese Datenschutzerkl\u00e4rung beschreibt, wie personenbezogene Daten entsprechend den Datenschutzstandards der PROTANEO SA gesammelt, verarbeitet und gespeichert werden, um das Schweizerische Bundesgesetz \u00fcber den Datenschutz (DSG) und die Datenschutz-Grundverordnung (DSGVO) zu erf\u00fcllen.<\/p>\n<p>Diese Datenschutzerkl\u00e4rung gilt f\u00fcr den eingetragenen Sitz der Protaneo SA. Alle Vertragspartner, die Vertreter und alle Personen, die im Auftrag der GMSA arbeiten, m\u00fcssen sich ebenfalls verpflichten, diese Datenschutzerkl\u00e4rung einzuhalten.<\/p>\n<p>Diese Datenschutzerkl\u00e4rung ersetzt nicht die nationalen und europ\u00e4ischen Datenschutzgesetze, sondern erg\u00e4nzt sie. Bei Widerspr\u00fcchen oder strengeren Anforderungen haben die anwendbaren nationalen Rechtsvorschriften den Vorrang vor dieser Datenschutzerkl\u00e4rung.<\/p>\n\t\t\t\t\t\t\t\t<\/div>\n\t\t\t\t<\/div>\n\t\t\t\t<div class=\"elementor-element elementor-element-f43404e elementor-widget elementor-widget-spacer\" data-id=\"f43404e\" data-element_type=\"widget\" data-e-type=\"widget\" data-widget_type=\"spacer.default\">\n\t\t\t\t<div class=\"elementor-widget-container\">\n\t\t\t\t\t\t\t<div class=\"elementor-spacer\">\n\t\t\t<div class=\"elementor-spacer-inner\"><\/div>\n\t\t<\/div>\n\t\t\t\t\t\t<\/div>\n\t\t\t\t<\/div>\n\t\t\t\t<div class=\"elementor-element elementor-element-272a06a elementor-widget elementor-widget-heading\" data-id=\"272a06a\" data-element_type=\"widget\" data-e-type=\"widget\" data-widget_type=\"heading.default\">\n\t\t\t\t<div class=\"elementor-widget-container\">\n\t\t\t\t\t<h2 class=\"elementor-heading-title elementor-size-default\">Glossar<\/h2>\t\t\t\t<\/div>\n\t\t\t\t<\/div>\n\t\t\t\t<div class=\"elementor-element elementor-element-003d0e1 elementor-widget__width-initial elementor-widget elementor-widget-text-editor\" data-id=\"003d0e1\" data-element_type=\"widget\" data-e-type=\"widget\" data-widget_type=\"text-editor.default\">\n\t\t\t\t<div class=\"elementor-widget-container\">\n\t\t\t\t\t\t\t\t\t<p><b>Personenbezogene Daten<\/b> : alle Informationen, die sich auf eine identifizierte oder identifizierbare nat\u00fcrliche Person beziehen, einschliesslich Name, Geburtsdatum, Adresse oder Telefonnummer, die zur Identifizierung einer Person verwendet werden k\u00f6nnen. Juristische Personen (Unternehmen) sind davon nicht betroffen.<\/p>\n<p><b>Sensible Daten<\/b> : alle Informationen \u00fcber Rasse oder ethnische Herkunft, politische Ansichten, religi\u00f6se oder philosophische \u00dcberzeugungen, Mitgliedschaft in einer Gewerkschaft, Gesundheit, Leben oder sexuelle Orientierung, administrative und strafrechtliche Verfolgungen und Sanktionen gegen eine Person sowie soziale Unterst\u00fctzungsmassnahmen. Biometrische Daten, die ausschliesslich zur Identifizierung einer nat\u00fcrlichen Person verwendet werden, gelten ebenfalls als sensible Daten.<\/p>\n<p><b>Verarbeitung<\/b>: jeder Vorgang oder jede Vorgangsreihe, die an personenbezogenen Daten oder Datens\u00e4tzen vorgenommen wird, sei es mit automatisierten Verfahren oder nicht, wie das Erheben, Erfassen, Organisieren, Ordnen, Archivieren, Anpassen oder Ver\u00e4ndern, Auslesen, Abfragen, Verwenden, Offen-legen durch \u00dcbermittlung, Verbreiten, Verkn\u00fcpfen, Einschr\u00e4nken, L\u00f6schen oder Ver-nichten.<\/p>\n<p><b>Verantwortlicher f\u00fcr die Verarbeitung<\/b>: nat\u00fcrliche oder juristische Person, die unabh\u00e4ngig oder gemeinsam mit anderen den Zweck der Verarbeitung personenbezogener Daten und die Mittel zu deren Erreichung bestimmt. <\/p>\n<p><b>Destinataire<\/b>: nat\u00fcrliche oder juristische Person, der personenbezogene Daten offengelegt werden, unabh\u00e4ngig davon, ob es sich dabei um einen Dritten handelt oder nicht.<\/p>\n\t\t\t\t\t\t\t\t<\/div>\n\t\t\t\t<\/div>\n\t\t\t\t<div class=\"elementor-element elementor-element-24aacd3 elementor-widget elementor-widget-spacer\" data-id=\"24aacd3\" data-element_type=\"widget\" data-e-type=\"widget\" data-widget_type=\"spacer.default\">\n\t\t\t\t<div class=\"elementor-widget-container\">\n\t\t\t\t\t\t\t<div class=\"elementor-spacer\">\n\t\t\t<div class=\"elementor-spacer-inner\"><\/div>\n\t\t<\/div>\n\t\t\t\t\t\t<\/div>\n\t\t\t\t<\/div>\n\t\t\t\t<div class=\"elementor-element elementor-element-fdebee7 elementor-widget elementor-widget-heading\" data-id=\"fdebee7\" data-element_type=\"widget\" data-e-type=\"widget\" data-widget_type=\"heading.default\">\n\t\t\t\t<div class=\"elementor-widget-container\">\n\t\t\t\t\t<h2 class=\"elementor-heading-title elementor-size-default\">Grunds\u00e4tze F\u00fcr Die Verarbeitung Personen-Bezogener Daten<\/h2>\t\t\t\t<\/div>\n\t\t\t\t<\/div>\n\t\t\t\t<div class=\"elementor-element elementor-element-56dadb8 elementor-widget__width-initial elementor-widget elementor-widget-text-editor\" data-id=\"56dadb8\" data-element_type=\"widget\" data-e-type=\"widget\" data-widget_type=\"text-editor.default\">\n\t\t\t\t<div class=\"elementor-widget-container\">\n\t\t\t\t\t\t\t\t\t<p><b>Rechtm\u00e4ssigkeit, Fairness und Transparenz<\/b>: Personenbezogene Daten m\u00fcssen rechtm\u00e4ssig und auf faire Weise erhoben und verarbeitet werden. Jede betroffene Person muss <b>\u00fcber die Art und Weise, wie ihre Daten verarbeitet werden, informiert werden.<\/b> Grunds\u00e4tzlich m\u00fcssen personenbezogene Daten direkt bei der betroffenen Person erhoben werden. Bei der Erhebung von Daten muss die betroffene Person Folgendes kennen oder \u00fcber Folgendes informiert werden: die Identit\u00e4t des f\u00fcr die Verarbeitung Verantwortlichen; den Zweck der Datenverarbeitung; Dritte oder Kategorien von Dritten, an welche die Daten \u00fcbermittelt werden k\u00f6nnen.<\/p>\n<p><b>Zweckbindung<\/b>: Personenbezogene Daten d\u00fcrfen nur f\u00fcr <b>bestimmte, eindeutige und rechtm\u00e4ssige Zwecke<\/b> erhoben werden und d\u00fcrfen sp\u00e4ter nicht mit diesen Zwecken unvereinbar sein.<\/p>\n<p>Personenbezogene Daten, die nach Ablauf der gesetzlichen Fristen oder f\u00fcr Ausf\u00fchrung von gesch\u00e4ftlich bedingten Prozessen nicht mehr ben\u00f6tigt werden, m\u00fcssen gel\u00f6scht werden.<\/p>\n<p><b>Datenminimierung<\/b>: Personenbezogene Daten m\u00fcssen <b>angemessen, relevant und beschr\u00e4nkt auf das n\u00f6tige Mass<\/b> in Bezug auf die Zwecke, f\u00fcr die sie erhoben werden, sein. Personenbezogene Daten d\u00fcrfen nicht im Voraus erhoben und f\u00fcr m\u00f6gliche zuk\u00fcnftige Verwendungen gespeichert werden, ausser, wenn dies nach nationalem Recht gefordert oder zul\u00e4ssig ist.<\/p>\n<p><b>Exactitude <\/b>: Die erfassten personenbezogenen Daten m\u00fcssen richtig sein und auf dem neuesten Stand gehalten werden. Es m\u00fcssen geeignete Massnahmen ergriffen werden, um sicherzustellen, dass <b>unrichtige personenbezogene Daten gel\u00f6scht, berichtigt oder aktualisiert werden.<\/b><\/p>\n<p><b>Beschr\u00e4nkung der Speicherung<\/b>: Personenbezogene Daten d\u00fcrfen, in einer Form, die die Identifizierung der Personen erm\u00f6glicht, nur <b>so lange aufbewahrt werden, wie dies notwendig ist<\/b>. Sie d\u00fcrfen nicht f\u00fcr l\u00e4ngere Zeitr\u00e4ume ausschliesslich zu Archivierungszwecken von \u00f6ffentlichem Interesse, wissenschaftlicher oder historischer Forschung oder zu statistischen Zwecken aufbewahrt werden. Ansonsten d\u00fcrfen pers\u00f6nliche Daten nur dann unbegrenzt aufbewahrt werden, wenn sie irreversibel anonymisiert wurden.<\/p>\n<p><b>Integrit\u00e4t und Vertraulichkeit<\/b>: und durch geeignete technische und organisatorische Massnahmen gesch\u00fctzt werden, um unbefugten oder unrechtm\u00e4ssigen Zugriff, unbefugte oder unrechtm\u00e4ssige Verarbeitung oder Verbreitung sowie unbeabsichtigten Verlust, unbeabsichtigte Vernichtung oder Besch\u00e4digung zu verhindern.<\/p>\n\t\t\t\t\t\t\t\t<\/div>\n\t\t\t\t<\/div>\n\t\t\t\t<div class=\"elementor-element elementor-element-44eb454 elementor-widget elementor-widget-spacer\" data-id=\"44eb454\" data-element_type=\"widget\" data-e-type=\"widget\" data-widget_type=\"spacer.default\">\n\t\t\t\t<div class=\"elementor-widget-container\">\n\t\t\t\t\t\t\t<div class=\"elementor-spacer\">\n\t\t\t<div class=\"elementor-spacer-inner\"><\/div>\n\t\t<\/div>\n\t\t\t\t\t\t<\/div>\n\t\t\t\t<\/div>\n\t\t\t\t<div class=\"elementor-element elementor-element-1e779c9 elementor-widget elementor-widget-heading\" data-id=\"1e779c9\" data-element_type=\"widget\" data-e-type=\"widget\" data-widget_type=\"heading.default\">\n\t\t\t\t<div class=\"elementor-widget-container\">\n\t\t\t\t\t<h2 class=\"elementor-heading-title elementor-size-default\">1. Verarbeitung personenbezogener Daten<\/h2>\t\t\t\t<\/div>\n\t\t\t\t<\/div>\n\t\t\t\t<div class=\"elementor-element elementor-element-5a0839f elementor-widget__width-initial elementor-widget elementor-widget-text-editor\" data-id=\"5a0839f\" data-element_type=\"widget\" data-e-type=\"widget\" data-widget_type=\"text-editor.default\">\n\t\t\t\t<div class=\"elementor-widget-container\">\n\t\t\t\t\t\t\t\t\t<p>Personenbezogene Daten von Kunden, Vertragspartnern und Mitarbeitern werden unter folgenden Umst\u00e4nden verarbeitet:<\/p>\n<p><b>1.1. Einwilligung<\/b><\/p>\n<p>Personenbezogene Daten k\u00f6nnen verarbeitet werden, wenn die betreffende Person in die Verarbeitung f\u00fcr einen oder mehrere bestimmte Zwecke eingewilligt hat. Die Einwilligung muss <b>freiwillig, f\u00fcr den konkreten Fall und sachkundig<\/b> erteilt werden. Die Einwilligungserkl\u00e4rung muss willentlich erfolgen und zu Dokumentations-zwecken schriftlich oder in elektronischer Form eingeholt werden. Unter bestimmten Umst\u00e4n-den, wie z. B. bei Telefongespr\u00e4chen, kann die Einwilligung m\u00fcndlich erteilt werden, in diesem Fall muss sie ordnungsgem\u00e4ss dokumentiert werden.<\/p>\n<p>Bei Stellenbewerbungen m\u00fcssen, wenn eine Bewerbung abgelehnt wird, die Daten des Bewerbers gel\u00f6scht werden, ausser, wenn dieser ausdr\u00fccklich zugestimmt hat, dass seine Daten f\u00fcr die Dauer von h\u00f6chstens zwei (2) Jahren zug\u00e4nglich bleiben; danach m\u00fcssen die Daten gel\u00f6scht werden.<\/p>\n<p><b>1.2. 1.1. Vertragliche Beziehungen<\/b> <\/p>\n<p>Die personenbezogenen Daten von potenziellen Kunden, Kunden, Lieferanten und Mitarbeitern d\u00fcrfen verarbeitet werden, um <b>einen Vertrag zu schliessen, abzuwickeln und zu beenden.<\/b> Die verarbeiteten Daten stehen immer im Zusammenhang mit dem Zweck des abgeschlossenen Vertrages.<\/p>\n<p><b>1.3. Gesetzliche Erlaubnis oder Verpflichtung<\/b> <\/p>\n<p>Die Verarbeitung von Personendaten ist zul\u00e4ssig, wenn das schweizerische Recht dies im Rahmen der geltenden gesetzlichen Bestimmungen verlangt, fordert oder erlaubt.<\/p>\n<p><b>1.4. Erf\u00fcllung einer Aufgabe im \u00f6ffentlichen Interesse<\/b><\/p>\n<p>Personendaten k\u00f6nnen auch verarbeitet werden, wenn sie f\u00fcr die Erf\u00fcllung einer Aufgabe, die in \u00f6ffentlichem Interesse oder in Aus\u00fcbung \u00f6ffentlicher Gewalt erfolgt, die dem Verantwortlichen f\u00fcr die Verarbeitung \u00fcbertragen wurde (z. B. staatliche Inspektionsdienste).<\/p>\n\t\t\t\t\t\t\t\t<\/div>\n\t\t\t\t<\/div>\n\t\t\t\t<div class=\"elementor-element elementor-element-275c3f6 elementor-widget elementor-widget-spacer\" data-id=\"275c3f6\" data-element_type=\"widget\" data-e-type=\"widget\" data-widget_type=\"spacer.default\">\n\t\t\t\t<div class=\"elementor-widget-container\">\n\t\t\t\t\t\t\t<div class=\"elementor-spacer\">\n\t\t\t<div class=\"elementor-spacer-inner\"><\/div>\n\t\t<\/div>\n\t\t\t\t\t\t<\/div>\n\t\t\t\t<\/div>\n\t\t\t\t<div class=\"elementor-element elementor-element-f4e119e elementor-widget elementor-widget-heading\" data-id=\"f4e119e\" data-element_type=\"widget\" data-e-type=\"widget\" data-widget_type=\"heading.default\">\n\t\t\t\t<div class=\"elementor-widget-container\">\n\t\t\t\t\t<h2 class=\"elementor-heading-title elementor-size-default\">2. 1. Verarbeitung sensibler personenbezo-gener Daten<\/h2>\t\t\t\t<\/div>\n\t\t\t\t<\/div>\n\t\t\t\t<div class=\"elementor-element elementor-element-68f4c94 elementor-widget__width-initial elementor-widget elementor-widget-text-editor\" data-id=\"68f4c94\" data-element_type=\"widget\" data-e-type=\"widget\" data-widget_type=\"text-editor.default\">\n\t\t\t\t<div class=\"elementor-widget-container\">\n\t\t\t\t\t\t\t\t\t<p>Sensiblen Daten sind insbesondere Daten \u00fcber die rassische oder ethnische Herkunft, politische Ansichten, religi\u00f6se oder philosophische \u00dcberzeugungen, Zugeh\u00f6rigkeit zu einer Gewerkschaft, Gesundheit und Sexualleben einer Person. Ausserdem d\u00fcrfen Daten \u00fcber strafrechtliche Verurteilungen und Straftaten nur bearbeitet werden, wenn dies nach schweizerischem Recht zul\u00e4ssig ist.<\/p>\n<p>Sensible personenbezogene Daten d\u00fcrfen nur in folgenden F\u00e4llen verarbeitet werden:<\/p>\n<ul>\n<li>Die Person hat ihre ausdr\u00fcckliche Einwilligung gegeben;<\/li>\n<li>Sie sind f\u00fcr die Erf\u00fcllung von Pflichten und f\u00fcr die Aus\u00fcbung konkreter Rechte des f\u00fcr die Verarbeitung Verantwortlichen oder eines Mitarbeiters in den Bereichen Besch\u00e4ftigung, soziale Sicherheit und Sozialschutz gem\u00e4ss den einschl\u00e4gigen Rechtsvorschriften erforderlich;<\/li>\n<li>Sie sind f\u00fcr die Begr\u00fcndung, Aus\u00fcbung oder Verteidigung von gesetzlichen Rechten, die eine Einzelperson betreffen, erforderlich.<\/li>\n<\/ul>\n\t\t\t\t\t\t\t\t<\/div>\n\t\t\t\t<\/div>\n\t\t\t\t<div class=\"elementor-element elementor-element-df289b1 elementor-widget elementor-widget-spacer\" data-id=\"df289b1\" data-element_type=\"widget\" data-e-type=\"widget\" data-widget_type=\"spacer.default\">\n\t\t\t\t<div class=\"elementor-widget-container\">\n\t\t\t\t\t\t\t<div class=\"elementor-spacer\">\n\t\t\t<div class=\"elementor-spacer-inner\"><\/div>\n\t\t<\/div>\n\t\t\t\t\t\t<\/div>\n\t\t\t\t<\/div>\n\t\t\t\t<div class=\"elementor-element elementor-element-accff07 elementor-widget elementor-widget-heading\" data-id=\"accff07\" data-element_type=\"widget\" data-e-type=\"widget\" data-widget_type=\"heading.default\">\n\t\t\t\t<div class=\"elementor-widget-container\">\n\t\t\t\t\t<h2 class=\"elementor-heading-title elementor-size-default\">3. \u00dcbermittlung von Personendaten an Konzernunternehmen oder Dritte<\/h2>\t\t\t\t<\/div>\n\t\t\t\t<\/div>\n\t\t\t\t<div class=\"elementor-element elementor-element-f7bead3 elementor-widget__width-initial elementor-widget elementor-widget-text-editor\" data-id=\"f7bead3\" data-element_type=\"widget\" data-e-type=\"widget\" data-widget_type=\"text-editor.default\">\n\t\t\t\t<div class=\"elementor-widget-container\">\n\t\t\t\t\t\t\t\t\t<p>Protaneo SA verkauft generell keine personenbezogenen Daten, gibt sie nicht an Dritte heraus und verteilt sie nicht an Dritte.<\/p>\n<p>Die GMSA kann ausnahmsweise Dritte f\u00fcr die Verarbeitung dieser Daten gem\u00e4ss spezifischen Anweisungen beauftragen, sofern dies rechtlich m\u00f6glich ist und den\/die Zweck(e) verfolgt, f\u00fcr den\/die die Daten urspr\u00fcnglich erhoben wurden. Vertr\u00e4ge mit solchen Dritten enthalten Geheimhaltungsklauseln, die sicherstellen, dass personenbezogene Daten nicht offengelegt werden, ausser, wenn dies gesetzlich vorgeschrieben oder von der GMSA ausdr\u00fccklich genehmigt ist. Personenbezogene Daten k\u00f6nnen auch offengelegt werden, wenn die GMSA aufgrund eines zwingenden anzuwendenden Gesetzes, eines Gerichtsentscheids oder staatlicher Reglementierung dazu gezwungen ist, oder um strafrechtliche Ermittlungen und Verfahren oder andere Gerichtsverfahren zu unterst\u00fctzen.<\/p>\n<p>Unter bestimmten Umst\u00e4nden kann es vorkommen, dass personenbezogene Daten zur Datenverarbeitung durch einen beauftragten Dienstleister an ein Unternehmen mit Sitz im Ausland \u00fcbermittelt werden. Diese Unternehmen sind ebenso wie wir zur Einhaltung der geltenden Datenschutzbestimmungen verpflichtet. Wenn in dem Land, in das die Daten \u00fcbermittelt werden, der Datenschutz nicht dem Niveau entspricht, das in der schweizerischen oder europ\u00e4ischen Gesetzgebung vorgesehen ist, stellen wir sicher, dass sich die betreffenden Unternehmen vertraglich verpflichten, beim Schutz das gleiche Niveau wie in der Schweiz oder der Europ\u00e4ischen Union zu gew\u00e4hrleisten. Dies kann durch Standardvertragsklauseln zum Datenschutz erfolgen, die von der Europ\u00e4ischen Kommission oder einer Aufsichtsbeh\u00f6rde angenommen wurden, oder durch einen gepr\u00fcften und zugelassenen Verhaltenskodex, der eine verbindliche und durchsetzbare Verpflichtung der Datenempf\u00e4nger zur Anwendung geeigneter Sicherheitsmassnahmen enth\u00e4lt, oder durch einen zugelassenen Zertifizierungsmechanismus, der eine verbindliche und durchsetzbare Verpflichtung der Datenempf\u00e4nger zur Anwendung geeigneter Sicherheitsmassnahmen enth\u00e4lt. Der Vollst\u00e4ndigkeit halber weisen wir darauf hin, dass US-Beh\u00f6rden nach amerikanischem Recht \u00dcberwachungsmassnahmen ergreifen und auf Daten zugreifen k\u00f6nnen, zu denen auch Daten geh\u00f6ren k\u00f6nnen, die aus der Schweiz oder der EU in die USA \u00fcbermittelt werden. Dies geschieht ohne Unterscheidung, Einschr\u00e4nkung oder Ausnahme auf der Grundlage des verfolgten Zwecks und ohne objektive Kriterien, die es erm\u00f6glichen w\u00fcrden, den Zugang der US-Beh\u00f6rden zu personenbezogenen Daten und deren anschliessende Verwendung auf bestimmte, strikt begrenzte Zwecke, die den Zugang zu diesen Daten rechtfertigen w\u00fcrden, zu beschr\u00e4nken. <\/p>\n<p>Dar\u00fcber hinaus gibt es in den Vereinigten Staaten kein Rechtsmittel f\u00fcr betroffene Personen aus EU-Mitgliedstaaten oder der Schweiz, um auf die sie betreffenden Daten, die Gegenstand staatlicher Massnahmen sind, zuzugreifen, sie zu berichtigen oder zu l\u00f6schen, und es besteht kein wirksamer Rechtsschutz gegen die allgemeinen Zugriffsrechte der US-Beh\u00f6rden.<\/p>\n<p>Wir m\u00f6chten Nutzer mit Wohnsitz in der Schweiz oder einem EU-Mitgliedsstaat darauf hinweisen, dass die Vereinigten Staaten nach Ansicht der zust\u00e4ndigen Beh\u00f6rden in der Schweiz und der Europ\u00e4ischen Union \u2013 zum Teil aufgrund der in diesem Abschnitt genannten Problematik \u2013 kein angemessenes Datenschutzniveau haben. Wenn Datenempf\u00e4nger (z.B. Google) ihren Sitz in den USA haben oder voraussichtlich die entsprechende Datenverarbeitung in den USA vornehmen, werden wir alle zumutbaren Massnahmen ergreifen, um sicherzustellen, dass Ihre Daten bei unseren Partnern durch vertragliche Vereinbarungen mit diesen Unternehmen und n\u00f6tigenfalls durch zus\u00e4tzliche Garantien zum Schutz der Rechte von Personen, deren personenbezogene Daten in ein Drittland \u00fcbermittelt werden, auf einem angemessenen Niveau gesch\u00fctzt werden.<\/p>\n<p>Wir weisen Sie ausdr\u00fccklich auf diese Rechts- und Sachlage hin, damit Sie eine bewusste Entscheidung dar\u00fcber treffen k\u00f6nnen, ob Sie in die Weitergabe Ihrer Daten an Personen einwilligen, die ihren Wohnsitz in den Vereinigten Staaten haben oder die Verarbeitung der betreffenden Daten in den Vereinigten Staaten vornehmen k\u00f6nnten.<\/p>\n\t\t\t\t\t\t\t\t<\/div>\n\t\t\t\t<\/div>\n\t\t\t\t<div class=\"elementor-element elementor-element-0fef8b8 elementor-widget elementor-widget-spacer\" data-id=\"0fef8b8\" data-element_type=\"widget\" data-e-type=\"widget\" data-widget_type=\"spacer.default\">\n\t\t\t\t<div class=\"elementor-widget-container\">\n\t\t\t\t\t\t\t<div class=\"elementor-spacer\">\n\t\t\t<div class=\"elementor-spacer-inner\"><\/div>\n\t\t<\/div>\n\t\t\t\t\t\t<\/div>\n\t\t\t\t<\/div>\n\t\t\t\t<div class=\"elementor-element elementor-element-479a6e8 elementor-widget elementor-widget-heading\" data-id=\"479a6e8\" data-element_type=\"widget\" data-e-type=\"widget\" data-widget_type=\"heading.default\">\n\t\t\t\t<div class=\"elementor-widget-container\">\n\t\t\t\t\t<h2 class=\"elementor-heading-title elementor-size-default\">4. Rechte betroffener Personen<\/h2>\t\t\t\t<\/div>\n\t\t\t\t<\/div>\n\t\t\t\t<div class=\"elementor-element elementor-element-ae0296d elementor-widget__width-initial elementor-widget elementor-widget-text-editor\" data-id=\"ae0296d\" data-element_type=\"widget\" data-e-type=\"widget\" data-widget_type=\"text-editor.default\">\n\t\t\t\t<div class=\"elementor-widget-container\">\n\t\t\t\t\t\t\t\t\t<p><span style=\"font-family: var( --e-global-typography-1f21e6e-font-family ), Sans-serif; font-size: var( --e-global-typography-1f21e6e-font-size ); letter-spacing: var( --e-global-typography-1f21e6e-letter-spacing ); word-spacing: var( --e-global-typography-1f21e6e-word-spacing ); background-color: var( --e-global-color-c696dce );\">Jede Person, deren pers\u00f6nliche Daten verarbeitet werden, hat die folgenden Rechte:<\/span><\/p>\n<ul>\n<li>Jede Person kann Auskunft dar\u00fcber verlangen, <b>welche personenbezogenen Daten \u00fcber sie gespeichert sind<\/b>, wie und zu welchen Zwecken diese Daten erhoben wurden.<\/li>\n<li>Werden personenbezogene Daten an Dritte weitergegeben, m\u00fcssen Angaben zur <b>Identit\u00e4t des Empf\u00e4ngers<\/b> oder zu den Kategorien von Empf\u00e4ngern gemacht werden.<\/li>\n<li>Wenn die personenbezogenen Daten unrichtig oder unvollst\u00e4ndig sind, kann die betroffene Person verlangen, dass diese Daten <b>berichtigt oder vervollst\u00e4ndigt<\/b> werden.<\/li>\n<li>Die Person kann die <b>L\u00f6schung ihrer<\/b> Daten verlangen, wenn es keine Rechtsgrundlage f\u00fcr die Erhebung, Speicherung oder Verarbeitung dieser Daten gibt oder wenn die Rechtsgrundlage entfallen ist. Gleiches gilt, wenn der Zweck der Datenverarbeitung hinf\u00e4llig geworden ist oder aus sonstigen Gr\u00fcnden nicht mehr anwendbar ist.<\/li>\n<li>Jede Einzelperson hat das Recht, <b>der Verarbeitung ihrer Daten zu widersprechen<\/b>. Dies ist zu ber\u00fccksichtigen, wenn der Schutz ihrer Interessen aufgrund einer besonderen pers\u00f6nlichen Situation Vorrang vor dem Interesse des f\u00fcr die Datenverarbeitung Verantwortlichen hat. Dies gilt nicht, wenn eine gesetzliche Bestimmung die Verarbeitung der Daten vorschreibt.<\/li>\n<li>Wenn personenbezogene Daten auf einer Website erhoben, verarbeitet und genutzt werden, werden die betroffenen Personen im Rahmen der <b>Datenschutzrichtlinie<\/b>, die Informationen \u00fcber Cookies enth\u00e4lt, informiert. Diese Informationen sind auf der Webseite leicht erkennbar, zug\u00e4nglich und verf\u00fcgbar.<\/li>\n<\/ul>\n\t\t\t\t\t\t\t\t<\/div>\n\t\t\t\t<\/div>\n\t\t\t\t<div class=\"elementor-element elementor-element-e3672d3 elementor-widget elementor-widget-spacer\" data-id=\"e3672d3\" data-element_type=\"widget\" data-e-type=\"widget\" data-widget_type=\"spacer.default\">\n\t\t\t\t<div class=\"elementor-widget-container\">\n\t\t\t\t\t\t\t<div class=\"elementor-spacer\">\n\t\t\t<div class=\"elementor-spacer-inner\"><\/div>\n\t\t<\/div>\n\t\t\t\t\t\t<\/div>\n\t\t\t\t<\/div>\n\t\t\t\t<div class=\"elementor-element elementor-element-42d6fdb elementor-widget elementor-widget-heading\" data-id=\"42d6fdb\" data-element_type=\"widget\" data-e-type=\"widget\" data-widget_type=\"heading.default\">\n\t\t\t\t<div class=\"elementor-widget-container\">\n\t\t\t\t\t<h2 class=\"elementor-heading-title elementor-size-default\">5. Vertraulichkeit &amp; Sicherheit<\/h2>\t\t\t\t<\/div>\n\t\t\t\t<\/div>\n\t\t\t\t<div class=\"elementor-element elementor-element-6dbf3cd elementor-widget__width-initial elementor-widget elementor-widget-text-editor\" data-id=\"6dbf3cd\" data-element_type=\"widget\" data-e-type=\"widget\" data-widget_type=\"text-editor.default\">\n\t\t\t\t<div class=\"elementor-widget-container\">\n\t\t\t\t\t\t\t\t\t<p>Personenbezogene Daten unterliegen der <b>Geheimhaltung<\/b>. GMSA-Mitarbeitern ist es untersagt, personenbezogene Daten f\u00fcr private oder kommerzielle Zwecke zu verwenden, Unbefugten offenzulegen oder anderweitig zur Verf\u00fcgung zu stellen.<\/p>\n<p>Personenbezogene Daten werden vor unbefugtem Zugriff und unrechtm\u00e4ssiger Verarbeitung oder Offenlegung sowie vor versehentlichem Verlust, unbeabsichtigter Ver\u00e4nderung oder Zerst\u00f6rung gesch\u00fctzt. Dies gilt unabh\u00e4ngig davon, ob die Daten elektronisch oder in Papierform verarbeitet werden. Vor der Einf\u00fchrung neuer Methoden zur Datenverarbeitung, insbesondere neuer Informatiksysteme, werden technische und organisatorische Massnahmen zum Schutz personenbezogener Daten vor Verlust festgelegt und umgesetzt.<\/p>\n\t\t\t\t\t\t\t\t<\/div>\n\t\t\t\t<\/div>\n\t\t\t\t<div class=\"elementor-element elementor-element-3a64925 elementor-widget elementor-widget-spacer\" data-id=\"3a64925\" data-element_type=\"widget\" data-e-type=\"widget\" data-widget_type=\"spacer.default\">\n\t\t\t\t<div class=\"elementor-widget-container\">\n\t\t\t\t\t\t\t<div class=\"elementor-spacer\">\n\t\t\t<div class=\"elementor-spacer-inner\"><\/div>\n\t\t<\/div>\n\t\t\t\t\t\t<\/div>\n\t\t\t\t<\/div>\n\t\t\t\t<div class=\"elementor-element elementor-element-1e61401 elementor-widget elementor-widget-heading\" data-id=\"1e61401\" data-element_type=\"widget\" data-e-type=\"widget\" data-widget_type=\"heading.default\">\n\t\t\t\t<div class=\"elementor-widget-container\">\n\t\t\t\t\t<h2 class=\"elementor-heading-title elementor-size-default\">6. Kontrolle des Datenschutzes<\/h2>\t\t\t\t<\/div>\n\t\t\t\t<\/div>\n\t\t\t\t<div class=\"elementor-element elementor-element-2222773 elementor-widget__width-initial elementor-widget elementor-widget-text-editor\" data-id=\"2222773\" data-element_type=\"widget\" data-e-type=\"widget\" data-widget_type=\"text-editor.default\">\n\t\t\t\t<div class=\"elementor-widget-container\">\n\t\t\t\t\t\t\t\t\t<p>Die Einhaltung der Datenschutzerkl\u00e4rung und der geltenden Datenschutzgesetze wird regelm\u00e4ssig im Rahmen von Datenschutzaudits und anderen Kontrollen \u00fcberpr\u00fcft.<\/p>\n\t\t\t\t\t\t\t\t<\/div>\n\t\t\t\t<\/div>\n\t\t\t\t<div class=\"elementor-element elementor-element-aa44b27 elementor-widget elementor-widget-spacer\" data-id=\"aa44b27\" data-element_type=\"widget\" data-e-type=\"widget\" data-widget_type=\"spacer.default\">\n\t\t\t\t<div class=\"elementor-widget-container\">\n\t\t\t\t\t\t\t<div class=\"elementor-spacer\">\n\t\t\t<div class=\"elementor-spacer-inner\"><\/div>\n\t\t<\/div>\n\t\t\t\t\t\t<\/div>\n\t\t\t\t<\/div>\n\t\t\t\t<div class=\"elementor-element elementor-element-c280197 elementor-widget elementor-widget-heading\" data-id=\"c280197\" data-element_type=\"widget\" data-e-type=\"widget\" data-widget_type=\"heading.default\">\n\t\t\t\t<div class=\"elementor-widget-container\">\n\t\t\t\t\t<h2 class=\"elementor-heading-title elementor-size-default\">7. Verantwortlichkeiten und Sanktionen <\/h2>\t\t\t\t<\/div>\n\t\t\t\t<\/div>\n\t\t\t\t<div class=\"elementor-element elementor-element-9ef1886 elementor-widget__width-initial elementor-widget elementor-widget-text-editor\" data-id=\"9ef1886\" data-element_type=\"widget\" data-e-type=\"widget\" data-widget_type=\"text-editor.default\">\n\t\t\t\t<div class=\"elementor-widget-container\">\n\t\t\t\t\t\t\t\t\t<p>Die Exekutivorgane der GMSA sind f\u00fcr die Datenverarbeitung in ihrem Verantwortungsbereich verantwortlich. Sie sind daher verpflichtet, daf\u00fcr zu sorgen, dass sowohl die gesetzlichen Anforderungen zum Datenschutz als auch die in der Datenschutzerkl\u00e4rung enthalten Anforderungen eingehalten werden. Die F\u00fchrungskr\u00e4fte sind verantwortlich f\u00fcr die Umsetzung von organisatorischen, personellen und technischen Massnahmen, die eine datenschutzkonforme Datenverarbeitung erm\u00f6glichen.<br \/>Die Einhaltung dieser Anforderungen liegt in der Verantwortung der jeweiligen Mitarbeiter. F\u00fchren offizielle Stellen Datenschutzpr\u00fcfungen durch, ist der Datenschutzbeauftragte unverz\u00fcglich dar\u00fcber zu informieren.<\/p>\n\t\t\t\t\t\t\t\t<\/div>\n\t\t\t\t<\/div>\n\t\t\t\t<div class=\"elementor-element elementor-element-e883108 elementor-widget elementor-widget-spacer\" data-id=\"e883108\" data-element_type=\"widget\" data-e-type=\"widget\" data-widget_type=\"spacer.default\">\n\t\t\t\t<div class=\"elementor-widget-container\">\n\t\t\t\t\t\t\t<div class=\"elementor-spacer\">\n\t\t\t<div class=\"elementor-spacer-inner\"><\/div>\n\t\t<\/div>\n\t\t\t\t\t\t<\/div>\n\t\t\t\t<\/div>\n\t\t\t\t<div class=\"elementor-element elementor-element-5a69985 elementor-widget elementor-widget-heading\" data-id=\"5a69985\" data-element_type=\"widget\" data-e-type=\"widget\" data-widget_type=\"heading.default\">\n\t\t\t\t<div class=\"elementor-widget-container\">\n\t\t\t\t\t<h2 class=\"elementor-heading-title elementor-size-default\">8. Kontakt<\/h2>\t\t\t\t<\/div>\n\t\t\t\t<\/div>\n\t\t\t\t<div class=\"elementor-element elementor-element-9b357a6 elementor-widget__width-initial elementor-widget elementor-widget-text-editor\" data-id=\"9b357a6\" data-element_type=\"widget\" data-e-type=\"widget\" data-widget_type=\"text-editor.default\">\n\t\t\t\t<div class=\"elementor-widget-container\">\n\t\t\t\t\t\t\t\t\t<p>Wenn Sie Fragen oder Beschwerden zur Einhaltung dieser Datenschutzerkl\u00e4rung durch die GMSA haben oder Anmerkungen machen m\u00f6chten, kontaktieren Sie uns bitte unter <a href=\"mailto:info@protaneo.ch\" target=\"_blank\" rel=\"noopener\">info@protaneo.ch<\/a>.<\/p>\n<p>Als zus\u00e4tzliche Anlaufstelle f\u00fcr Aufsichtsbeh\u00f6rden und betroffene Personen f\u00fcr Anliegen im Zusammenhang mit der Datenschutz-Grundverordnung (DSGVO) haben wir, gem\u00e4ss Artikel 27 DSGVO, den folgenden Datenschutzbeauftragten f\u00fcr den Europ\u00e4ischen Wirtschaftsraum (EWR), welcher die Europ\u00e4ische Union, das F\u00fcrstentum Liechtenstein, Island und Norwegen umfasst:<\/p>\n<p>Datenschutzpartner AG, 5742 K\u00f6lliken <a href=\"http:\/\/www.datenschutzpartner.eu\">www.datenschutzpartner.ch\/angebot-eu-datenschutz-vertretung\/<\/a><\/p>\n\t\t\t\t\t\t\t\t<\/div>\n\t\t\t\t<\/div>\n\t\t\t\t\t<\/div>\n\t\t\t\t<\/div>\n\t\t\t\t<\/div>\n\t\t\t\t<\/div>\n\t\t","protected":false},"excerpt":{"rendered":"<p>Protaneo Datenschutzcharta Protaneo SA erheben und verwenden bestimmte Informationen \u00fcber nat\u00fcrliche Personen, wie z. B. Lieferanten oder Mitarbeiter. Diese Datenschutzerkl\u00e4rung beschreibt, wie personenbezogene Daten entsprechend den Datenschutzstandards der PROTANEO SA gesammelt, verarbeitet und gespeichert werden, um das Schweizerische Bundesgesetz \u00fcber den Datenschutz (DSG) und die Datenschutz-Grundverordnung (DSGVO) zu erf\u00fcllen. Diese Datenschutzerkl\u00e4rung gilt f\u00fcr den eingetragenen [&hellip;]<\/p>\n","protected":false},"author":1,"featured_media":0,"parent":0,"menu_order":0,"comment_status":"closed","ping_status":"closed","template":"","meta":{"footnotes":""},"class_list":["post-1481","page","type-page","status-publish","hentry"],"yoast_head":"<!-- This site is optimized with the Yoast SEO plugin v28.3 - https:\/\/yoast.com\/product\/yoast-seo-wordpress\/ -->\n<title>Datenschutzcharta - Protaneo<\/title>\n<meta name=\"robots\" content=\"index, follow, max-snippet:-1, max-image-preview:large, max-video-preview:-1\" \/>\n<link rel=\"canonical\" href=\"https:\/\/protaneo.ch\/de\/datenschutzcharta\/\" \/>\n<meta property=\"og:locale\" content=\"de_DE\" \/>\n<meta property=\"og:type\" content=\"article\" \/>\n<meta property=\"og:title\" content=\"Datenschutzcharta - Protaneo\" \/>\n<meta property=\"og:description\" content=\"Protaneo Datenschutzcharta Protaneo SA erheben und verwenden bestimmte Informationen \u00fcber nat\u00fcrliche Personen, wie z. B. Lieferanten oder Mitarbeiter. Diese Datenschutzerkl\u00e4rung beschreibt, wie personenbezogene Daten entsprechend den Datenschutzstandards der PROTANEO SA gesammelt, verarbeitet und gespeichert werden, um das Schweizerische Bundesgesetz \u00fcber den Datenschutz (DSG) und die Datenschutz-Grundverordnung (DSGVO) zu erf\u00fcllen. Diese Datenschutzerkl\u00e4rung gilt f\u00fcr den eingetragenen [&hellip;]\" \/>\n<meta property=\"og:url\" content=\"https:\/\/protaneo.ch\/de\/datenschutzcharta\/\" \/>\n<meta property=\"og:site_name\" content=\"Protaneo\" \/>\n<meta property=\"article:modified_time\" content=\"2024-12-30T09:10:59+00:00\" \/>\n<meta name=\"twitter:card\" content=\"summary_large_image\" \/>\n<meta name=\"twitter:label1\" content=\"Gesch\u00e4tzte Lesezeit\" \/>\n\t<meta name=\"twitter:data1\" content=\"13\u00a0Minuten\" \/>\n<script type=\"application\/ld+json\" class=\"yoast-schema-graph\">{\"@context\":\"https:\\\/\\\/schema.org\",\"@graph\":[{\"@type\":\"WebPage\",\"@id\":\"https:\\\/\\\/protaneo.ch\\\/de\\\/datenschutzcharta\\\/\",\"url\":\"https:\\\/\\\/protaneo.ch\\\/de\\\/datenschutzcharta\\\/\",\"name\":\"Datenschutzcharta - Protaneo\",\"isPartOf\":{\"@id\":\"https:\\\/\\\/protaneo.ch\\\/de\\\/#website\"},\"datePublished\":\"2023-10-03T13:15:14+00:00\",\"dateModified\":\"2024-12-30T09:10:59+00:00\",\"breadcrumb\":{\"@id\":\"https:\\\/\\\/protaneo.ch\\\/de\\\/datenschutzcharta\\\/#breadcrumb\"},\"inLanguage\":\"de\",\"potentialAction\":[{\"@type\":\"ReadAction\",\"target\":[\"https:\\\/\\\/protaneo.ch\\\/de\\\/datenschutzcharta\\\/\"]}]},{\"@type\":\"BreadcrumbList\",\"@id\":\"https:\\\/\\\/protaneo.ch\\\/de\\\/datenschutzcharta\\\/#breadcrumb\",\"itemListElement\":[{\"@type\":\"ListItem\",\"position\":1,\"name\":\"Accueil\",\"item\":\"https:\\\/\\\/protaneo.ch\\\/de\\\/\"},{\"@type\":\"ListItem\",\"position\":2,\"name\":\"Datenschutzcharta\"}]},{\"@type\":\"WebSite\",\"@id\":\"https:\\\/\\\/protaneo.ch\\\/de\\\/#website\",\"url\":\"https:\\\/\\\/protaneo.ch\\\/de\\\/\",\"name\":\"Protaneo\",\"description\":\"\",\"publisher\":{\"@id\":\"https:\\\/\\\/protaneo.ch\\\/de\\\/#organization\"},\"potentialAction\":[{\"@type\":\"SearchAction\",\"target\":{\"@type\":\"EntryPoint\",\"urlTemplate\":\"https:\\\/\\\/protaneo.ch\\\/de\\\/?s={search_term_string}\"},\"query-input\":{\"@type\":\"PropertyValueSpecification\",\"valueRequired\":true,\"valueName\":\"search_term_string\"}}],\"inLanguage\":\"de\"},{\"@type\":\"Organization\",\"@id\":\"https:\\\/\\\/protaneo.ch\\\/de\\\/#organization\",\"name\":\"Protaneo\",\"url\":\"https:\\\/\\\/protaneo.ch\\\/de\\\/\",\"logo\":{\"@type\":\"ImageObject\",\"inLanguage\":\"de\",\"@id\":\"https:\\\/\\\/protaneo.ch\\\/de\\\/#\\\/schema\\\/logo\\\/image\\\/\",\"url\":\"https:\\\/\\\/protaneo.ch\\\/wp-content\\\/uploads\\\/2023\\\/09\\\/Protaneo-Logo-Bright.svg\",\"contentUrl\":\"https:\\\/\\\/protaneo.ch\\\/wp-content\\\/uploads\\\/2023\\\/09\\\/Protaneo-Logo-Bright.svg\",\"width\":161,\"height\":48,\"caption\":\"Protaneo\"},\"image\":{\"@id\":\"https:\\\/\\\/protaneo.ch\\\/de\\\/#\\\/schema\\\/logo\\\/image\\\/\"}}]}<\/script>\n<!-- \/ Yoast SEO plugin. -->","yoast_head_json":{"title":"Datenschutzcharta - Protaneo","robots":{"index":"index","follow":"follow","max-snippet":"max-snippet:-1","max-image-preview":"max-image-preview:large","max-video-preview":"max-video-preview:-1"},"canonical":"https:\/\/protaneo.ch\/de\/datenschutzcharta\/","og_locale":"de_DE","og_type":"article","og_title":"Datenschutzcharta - Protaneo","og_description":"Protaneo Datenschutzcharta Protaneo SA erheben und verwenden bestimmte Informationen \u00fcber nat\u00fcrliche Personen, wie z. B. Lieferanten oder Mitarbeiter. Diese Datenschutzerkl\u00e4rung beschreibt, wie personenbezogene Daten entsprechend den Datenschutzstandards der PROTANEO SA gesammelt, verarbeitet und gespeichert werden, um das Schweizerische Bundesgesetz \u00fcber den Datenschutz (DSG) und die Datenschutz-Grundverordnung (DSGVO) zu erf\u00fcllen. Diese Datenschutzerkl\u00e4rung gilt f\u00fcr den eingetragenen [&hellip;]","og_url":"https:\/\/protaneo.ch\/de\/datenschutzcharta\/","og_site_name":"Protaneo","article_modified_time":"2024-12-30T09:10:59+00:00","twitter_card":"summary_large_image","twitter_misc":{"Gesch\u00e4tzte Lesezeit":"13\u00a0Minuten"},"schema":{"@context":"https:\/\/schema.org","@graph":[{"@type":"WebPage","@id":"https:\/\/protaneo.ch\/de\/datenschutzcharta\/","url":"https:\/\/protaneo.ch\/de\/datenschutzcharta\/","name":"Datenschutzcharta - Protaneo","isPartOf":{"@id":"https:\/\/protaneo.ch\/de\/#website"},"datePublished":"2023-10-03T13:15:14+00:00","dateModified":"2024-12-30T09:10:59+00:00","breadcrumb":{"@id":"https:\/\/protaneo.ch\/de\/datenschutzcharta\/#breadcrumb"},"inLanguage":"de","potentialAction":[{"@type":"ReadAction","target":["https:\/\/protaneo.ch\/de\/datenschutzcharta\/"]}]},{"@type":"BreadcrumbList","@id":"https:\/\/protaneo.ch\/de\/datenschutzcharta\/#breadcrumb","itemListElement":[{"@type":"ListItem","position":1,"name":"Accueil","item":"https:\/\/protaneo.ch\/de\/"},{"@type":"ListItem","position":2,"name":"Datenschutzcharta"}]},{"@type":"WebSite","@id":"https:\/\/protaneo.ch\/de\/#website","url":"https:\/\/protaneo.ch\/de\/","name":"Protaneo","description":"","publisher":{"@id":"https:\/\/protaneo.ch\/de\/#organization"},"potentialAction":[{"@type":"SearchAction","target":{"@type":"EntryPoint","urlTemplate":"https:\/\/protaneo.ch\/de\/?s={search_term_string}"},"query-input":{"@type":"PropertyValueSpecification","valueRequired":true,"valueName":"search_term_string"}}],"inLanguage":"de"},{"@type":"Organization","@id":"https:\/\/protaneo.ch\/de\/#organization","name":"Protaneo","url":"https:\/\/protaneo.ch\/de\/","logo":{"@type":"ImageObject","inLanguage":"de","@id":"https:\/\/protaneo.ch\/de\/#\/schema\/logo\/image\/","url":"https:\/\/protaneo.ch\/wp-content\/uploads\/2023\/09\/Protaneo-Logo-Bright.svg","contentUrl":"https:\/\/protaneo.ch\/wp-content\/uploads\/2023\/09\/Protaneo-Logo-Bright.svg","width":161,"height":48,"caption":"Protaneo"},"image":{"@id":"https:\/\/protaneo.ch\/de\/#\/schema\/logo\/image\/"}}]}},"_links":{"self":[{"href":"https:\/\/protaneo.ch\/de\/wp-json\/wp\/v2\/pages\/1481","targetHints":{"allow":["GET"]}}],"collection":[{"href":"https:\/\/protaneo.ch\/de\/wp-json\/wp\/v2\/pages"}],"about":[{"href":"https:\/\/protaneo.ch\/de\/wp-json\/wp\/v2\/types\/page"}],"author":[{"embeddable":true,"href":"https:\/\/protaneo.ch\/de\/wp-json\/wp\/v2\/users\/1"}],"replies":[{"embeddable":true,"href":"https:\/\/protaneo.ch\/de\/wp-json\/wp\/v2\/comments?post=1481"}],"version-history":[{"count":11,"href":"https:\/\/protaneo.ch\/de\/wp-json\/wp\/v2\/pages\/1481\/revisions"}],"predecessor-version":[{"id":2766,"href":"https:\/\/protaneo.ch\/de\/wp-json\/wp\/v2\/pages\/1481\/revisions\/2766"}],"wp:attachment":[{"href":"https:\/\/protaneo.ch\/de\/wp-json\/wp\/v2\/media?parent=1481"}],"curies":[{"name":"wp","href":"https:\/\/api.w.org\/{rel}","templated":true}]}}